{"id":3444,"date":"2012-12-10T09:25:10","date_gmt":"2012-12-10T08:25:10","guid":{"rendered":"http:\/\/vhrc.fr\/?page_id=3444"},"modified":"2025-07-08T09:23:25","modified_gmt":"2025-07-08T08:23:25","slug":"citroen-ax","status":"publish","type":"page","link":"https:\/\/vhrc.fr\/en\/voitures\/bycmo\/citroen-ax\/","title":{"rendered":"Citro\u00ebn AX"},"content":{"rendered":"<p>ce mod\u00e8le import\u00e9 par Avioracing a donn\u00e9 lieu \u00e0 un challenge monotype tr\u00e8s sympathique en 1992<\/p>\n<figure id=\"attachment_3453\" aria-describedby=\"caption-attachment-3453\" style=\"width: 472px\" class=\"wp-caption alignnone\"><a href=\"http:\/\/vhrc.fr\/wp-content\/uploads\/2012\/12\/vhrc_auto8_89-004.jpg\"><img loading=\"lazy\" decoding=\"async\" class=\"size-large wp-image-3453\" title=\"vhrc_auto8_89-004\" src=\"http:\/\/vhrc.fr\/wp-content\/uploads\/2012\/12\/vhrc_auto8_89-004-472x1024.jpg\" alt=\"\" width=\"472\" height=\"1024\" \/><\/a><figcaption id=\"caption-attachment-3453\" class=\"wp-caption-text\">R\u00e9sultats de la Coupe AX 92-93<\/figcaption><\/figure>\n<p>En collaboration avec notre journal, la soci\u00e9t\u00e9 Aviomodelli-France organisait pour la saison 92-93 sa Coupe AX, une manifestation dont nous avons maintes fois parl\u00e9 dans nos colonnes. S&rsquo;appuyant sur l&rsquo;officiel championnat de France Piste 1\/4, cette soci\u00e9t\u00e9 avait d\u00e9cid\u00e9 de r\u00e9compenser les meilleurs pilotes d&rsquo;AX du championnat Les plus brillants ont \u00e9t\u00e9 M.<strong>Dominique Godomez<\/strong> (ler) et <strong>Marc Corona<\/strong>s (second) qui se sont vus remettre tous deux une voiture AX Sport<\/p>\n<p>Avioracing compl\u00e8te d&rsquo;une valeur de 9000 F chaque. Bravo \u00e0 tous deux !<\/p>\n<p>!<br \/>\n<a href=\"http:\/\/vhrc.fr\/wp-content\/uploads\/2012\/12\/vhrc_auto8_79-79.jpg\"><img loading=\"lazy\" decoding=\"async\" class=\"alignnone size-large wp-image-3452\" title=\"vhrc_auto8_79-79\" src=\"http:\/\/vhrc.fr\/wp-content\/uploads\/2012\/12\/vhrc_auto8_79-79-744x1024.jpg\" alt=\"\" width=\"744\" height=\"1024\" \/><\/a><\/p>\n<div id='gallery-1' class='gallery galleryid-3444 gallery-columns-5 gallery-size-colormag-featured-image'><figure class='gallery-item'>\n\t\t\t<div class='gallery-icon portrait'>\n\t\t\t\t<a href='https:\/\/vhrc.fr\/wp-content\/uploads\/2012\/12\/vhrc_auto8_89-004.jpg'><img loading=\"lazy\" decoding=\"async\" width=\"206\" height=\"445\" src=\"https:\/\/vhrc.fr\/wp-content\/uploads\/2012\/12\/vhrc_auto8_89-004.jpg\" class=\"attachment-colormag-featured-image size-colormag-featured-image\" alt=\"\" aria-describedby=\"gallery-1-3453\" \/><\/a>\n\t\t\t<\/div>\n\t\t\t\t<figcaption class='wp-caption-text gallery-caption' id='gallery-1-3453'>\n\t\t\t\tR\u00e9sultats de la Coupe AX 92-93\n\t\t\t\t<\/figcaption><\/figure><figure class='gallery-item'>\n\t\t\t<div class='gallery-icon landscape'>\n\t\t\t\t<a href='https:\/\/vhrc.fr\/wp-content\/uploads\/2012\/12\/vhrc_auto8_84-078008_ax-colardelle.jpg'><img loading=\"lazy\" decoding=\"async\" width=\"552\" height=\"445\" src=\"https:\/\/vhrc.fr\/wp-content\/uploads\/2012\/12\/vhrc_auto8_84-078008_ax-colardelle.jpg\" class=\"attachment-colormag-featured-image size-colormag-featured-image\" alt=\"\" srcset=\"https:\/\/vhrc.fr\/wp-content\/uploads\/2012\/12\/vhrc_auto8_84-078008_ax-colardelle.jpg 1270w, https:\/\/vhrc.fr\/wp-content\/uploads\/2012\/12\/vhrc_auto8_84-078008_ax-colardelle-500x403.jpg 500w, https:\/\/vhrc.fr\/wp-content\/uploads\/2012\/12\/vhrc_auto8_84-078008_ax-colardelle-800x645.jpg 800w\" sizes=\"auto, (max-width: 552px) 100vw, 552px\" \/><\/a>\n\t\t\t<\/div><\/figure><figure class='gallery-item'>\n\t\t\t<div class='gallery-icon portrait'>\n\t\t\t\t<a href='https:\/\/vhrc.fr\/wp-content\/uploads\/2012\/12\/vhrc_auto8_79-79.jpg'><img loading=\"lazy\" decoding=\"async\" width=\"323\" height=\"445\" src=\"https:\/\/vhrc.fr\/wp-content\/uploads\/2012\/12\/vhrc_auto8_79-79.jpg\" class=\"attachment-colormag-featured-image size-colormag-featured-image\" alt=\"\" srcset=\"https:\/\/vhrc.fr\/wp-content\/uploads\/2012\/12\/vhrc_auto8_79-79.jpg 930w, https:\/\/vhrc.fr\/wp-content\/uploads\/2012\/12\/vhrc_auto8_79-79-363x500.jpg 363w, https:\/\/vhrc.fr\/wp-content\/uploads\/2012\/12\/vhrc_auto8_79-79-581x800.jpg 581w\" sizes=\"auto, (max-width: 323px) 100vw, 323px\" \/><\/a>\n\t\t\t<\/div><\/figure><figure class='gallery-item'>\n\t\t\t<div class='gallery-icon landscape'>\n\t\t\t\t<a href='https:\/\/vhrc.fr\/wp-content\/uploads\/2012\/12\/bycmo-citroen-AX-rose-11.jpg'><img loading=\"lazy\" decoding=\"async\" width=\"500\" height=\"375\" src=\"https:\/\/vhrc.fr\/wp-content\/uploads\/2012\/12\/bycmo-citroen-AX-rose-11.jpg\" class=\"attachment-colormag-featured-image size-colormag-featured-image\" alt=\"\" \/><\/a>\n\t\t\t<\/div><\/figure><figure class='gallery-item'>\n\t\t\t<div class='gallery-icon landscape'>\n\t\t\t\t<a href='https:\/\/vhrc.fr\/wp-content\/uploads\/2012\/12\/bycmo-citroen-AX-rose-10.jpg'><img loading=\"lazy\" decoding=\"async\" width=\"500\" height=\"375\" src=\"https:\/\/vhrc.fr\/wp-content\/uploads\/2012\/12\/bycmo-citroen-AX-rose-10.jpg\" class=\"attachment-colormag-featured-image size-colormag-featured-image\" alt=\"\" \/><\/a>\n\t\t\t<\/div><\/figure><figure class='gallery-item'>\n\t\t\t<div class='gallery-icon landscape'>\n\t\t\t\t<a href='https:\/\/vhrc.fr\/wp-content\/uploads\/2012\/12\/bycmo-citroen-AX-rose-09.jpg'><img loading=\"lazy\" decoding=\"async\" width=\"500\" height=\"375\" src=\"https:\/\/vhrc.fr\/wp-content\/uploads\/2012\/12\/bycmo-citroen-AX-rose-09.jpg\" class=\"attachment-colormag-featured-image size-colormag-featured-image\" alt=\"\" \/><\/a>\n\t\t\t<\/div><\/figure><figure class='gallery-item'>\n\t\t\t<div class='gallery-icon landscape'>\n\t\t\t\t<a href='https:\/\/vhrc.fr\/wp-content\/uploads\/2012\/12\/bycmo-citroen-AX-rose-08.jpg'><img loading=\"lazy\" decoding=\"async\" width=\"500\" height=\"375\" src=\"https:\/\/vhrc.fr\/wp-content\/uploads\/2012\/12\/bycmo-citroen-AX-rose-08.jpg\" class=\"attachment-colormag-featured-image size-colormag-featured-image\" alt=\"\" \/><\/a>\n\t\t\t<\/div><\/figure><figure class='gallery-item'>\n\t\t\t<div class='gallery-icon portrait'>\n\t\t\t\t<a href='https:\/\/vhrc.fr\/wp-content\/uploads\/2012\/12\/bycmo-citroen-AX-rose-06.jpg'><img loading=\"lazy\" decoding=\"async\" width=\"334\" height=\"445\" src=\"https:\/\/vhrc.fr\/wp-content\/uploads\/2012\/12\/bycmo-citroen-AX-rose-06.jpg\" class=\"attachment-colormag-featured-image size-colormag-featured-image\" alt=\"\" \/><\/a>\n\t\t\t<\/div><\/figure><figure class='gallery-item'>\n\t\t\t<div class='gallery-icon landscape'>\n\t\t\t\t<a href='https:\/\/vhrc.fr\/wp-content\/uploads\/2012\/12\/bycmo-citroen-AX-rose-05.jpg'><img loading=\"lazy\" decoding=\"async\" width=\"500\" height=\"375\" src=\"https:\/\/vhrc.fr\/wp-content\/uploads\/2012\/12\/bycmo-citroen-AX-rose-05.jpg\" class=\"attachment-colormag-featured-image size-colormag-featured-image\" alt=\"\" \/><\/a>\n\t\t\t<\/div><\/figure><figure class='gallery-item'>\n\t\t\t<div class='gallery-icon landscape'>\n\t\t\t\t<a href='https:\/\/vhrc.fr\/wp-content\/uploads\/2012\/12\/bycmo-citroen-AX-rose-02.jpg'><img loading=\"lazy\" decoding=\"async\" width=\"500\" height=\"375\" src=\"https:\/\/vhrc.fr\/wp-content\/uploads\/2012\/12\/bycmo-citroen-AX-rose-02.jpg\" class=\"attachment-colormag-featured-image size-colormag-featured-image\" alt=\"\" \/><\/a>\n\t\t\t<\/div><\/figure>\n\t\t<\/div>\n\n<figure id=\"attachment_5098\" aria-describedby=\"caption-attachment-5098\" style=\"width: 1024px\" class=\"wp-caption alignnone\"><a href=\"http:\/\/vhrc.fr\/wp-content\/uploads\/2012\/12\/vhrc_auto8_84-078008_ax-colardelle.jpg\"><img loading=\"lazy\" decoding=\"async\" class=\"wp-image-5098 size-large\" src=\"http:\/\/vhrc.fr\/wp-content\/uploads\/2012\/12\/vhrc_auto8_84-078008_ax-colardelle-1024x825.jpg\" alt=\"vhrc_auto8_84-078008_ax colardelle\" width=\"1024\" height=\"825\" \/><\/a><figcaption id=\"caption-attachment-5098\" class=\"wp-caption-text\">auto8 #84 d\u00e9cembre 1992 Ax colardelle<\/figcaption><\/figure>","protected":false},"excerpt":{"rendered":"<p>ce mod\u00e8le import\u00e9 par Avioracing a donn\u00e9 lieu \u00e0 un challenge monotype tr\u00e8s sympathique en 1992 En collaboration avec notre<\/p>","protected":false},"author":5,"featured_media":3445,"parent":3439,"menu_order":0,"comment_status":"closed","ping_status":"closed","template":"","meta":{"colormag_page_container_layout":"default_layout","colormag_page_sidebar_layout":"default_layout","footnotes":""},"class_list":["post-3444","page","type-page","status-publish","has-post-thumbnail","hentry"],"_links":{"self":[{"href":"https:\/\/vhrc.fr\/en\/wp-json\/wp\/v2\/pages\/3444","targetHints":{"allow":["GET"]}}],"collection":[{"href":"https:\/\/vhrc.fr\/en\/wp-json\/wp\/v2\/pages"}],"about":[{"href":"https:\/\/vhrc.fr\/en\/wp-json\/wp\/v2\/types\/page"}],"author":[{"embeddable":true,"href":"https:\/\/vhrc.fr\/en\/wp-json\/wp\/v2\/users\/5"}],"replies":[{"embeddable":true,"href":"https:\/\/vhrc.fr\/en\/wp-json\/wp\/v2\/comments?post=3444"}],"version-history":[{"count":3,"href":"https:\/\/vhrc.fr\/en\/wp-json\/wp\/v2\/pages\/3444\/revisions"}],"predecessor-version":[{"id":5100,"href":"https:\/\/vhrc.fr\/en\/wp-json\/wp\/v2\/pages\/3444\/revisions\/5100"}],"up":[{"embeddable":true,"href":"https:\/\/vhrc.fr\/en\/wp-json\/wp\/v2\/pages\/3439"}],"wp:featuredmedia":[{"embeddable":true,"href":"https:\/\/vhrc.fr\/en\/wp-json\/wp\/v2\/media\/3445"}],"wp:attachment":[{"href":"https:\/\/vhrc.fr\/en\/wp-json\/wp\/v2\/media?parent=3444"}],"curies":[{"name":"wp","href":"https:\/\/api.w.org\/{rel}","templated":true}]}}