{"id":5936,"date":"2015-03-10T09:07:06","date_gmt":"2015-03-10T08:07:06","guid":{"rendered":"http:\/\/vhrc.fr\/?page_id=5936"},"modified":"2025-07-08T09:23:36","modified_gmt":"2025-07-08T08:23:36","slug":"les-pare-chocs","status":"publish","type":"page","link":"https:\/\/vhrc.fr\/en\/la-technique-des-autos-14\/les-pare-chocs\/","title":{"rendered":"les pare-chocs"},"content":{"rendered":"<h1>\u00c9l\u00e9ment primordial de s\u00e9curit\u00e9<\/h1>\n<p>obligatoire dans le r\u00e8glement du VHRC : compos\u00e9 d&rsquo;un support rigide et d&rsquo;une mousse d\u00e9passant ce dernier afin d&rsquo;amortir les chocs contre les personnes et les obstacles.<\/p>\n<p>&nbsp;<\/p>\n<h1><a href=\"http:\/\/vhrc.fr\/wp-content\/uploads\/2015\/03\/mousse-pare-chocs-VHRC.jpg\"><img loading=\"lazy\" decoding=\"async\" class=\"alignnone size-large wp-image-5947\" src=\"http:\/\/vhrc.fr\/wp-content\/uploads\/2015\/03\/mousse-pare-chocs-VHRC-800x329.jpg\" alt=\"mousse pare-chocs VHRC\" width=\"800\" height=\"329\" srcset=\"https:\/\/vhrc.fr\/wp-content\/uploads\/2015\/03\/mousse-pare-chocs-VHRC-800x329.jpg 800w, https:\/\/vhrc.fr\/wp-content\/uploads\/2015\/03\/mousse-pare-chocs-VHRC-500x205.jpg 500w, https:\/\/vhrc.fr\/wp-content\/uploads\/2015\/03\/mousse-pare-chocs-VHRC.jpg 1300w\" sizes=\"auto, (max-width: 800px) 100vw, 800px\" \/><\/a><\/h1>\n<h3 data-canvas-width=\"27.734791372707114\">Astuce Technique de Luc:<\/h3>\n<p><em>Astuce , \u00a0 Combine.<\/em><\/p>\n<p><em>Cela faisait quelques ann\u00e9es , que je cherchais dans les mati\u00e8res \u00a0 synth\u00e9tiques (plastique ) du commerce , trouver un mat\u00e9riau avec les caract\u00e9ristiques suivantes :\u00a0\u00a0\u00a0\u00a0\u00a0\u00a0\u00a0\u00a0\u00a0\u00a0\u00a0\u00a0\u00a0\u00a0 \u00a0 <\/em><\/p>\n<p><em>&#8211; Cahier des charges.<\/em><\/p>\n<p><em>-R\u00e9sistant , non cassant , relativement souple , d\u00e9formable aux chocs , tout en reprenant sa forme initiale , l\u00e9ger, avec une \u00e9paisseur proche de l\u2019origine.<\/em><\/p>\n<p><em>-Tout cela pour\u00a0:\u00a0\u00a0 La fabrication de\u00a0\u00a0 \u2019 pare-chocs\u2019\u00a0\u00a0 pour auto \u00bc. \u00c9paisseur\u2026\u20265mm.<\/em><\/p>\n<p><em>Il est vrai que les \u2018 puristes \u2018 diront , je monte du neuf ,\u2019 quand\u2019 \u00a0\u00a0\u00a0 on le trouve.<\/em><\/p>\n<p><em>Je ne vous donne donc pas un conseil , mais sugg\u00e8re un mat\u00e9riau qui r\u00e9pond aux contraintes cit\u00e9s , pour l\u2019avoir essayer , mis \u00e0 l\u2019\u00e9preuve et \u00a0 en plus \u2018p<\/em><\/p>\n<p><em>eu cher\u2019 (r\u00e9cup\u00e9ration).<\/em><\/p>\n<p><em>Je prends tout simplement des \u2018 protections lat\u00e9rales de v\u00e9hicules utilitaires \u2018Berlingo , Expert ,\u00a0\u00a0 Partner \u2018 Master \u2018 situ\u00e9es au bas des porti\u00e8res ( \u00a0 parfois double ou simple en hauteur ) .<\/em><\/p>\n<h1><a href=\"http:\/\/vhrc.fr\/wp-content\/uploads\/2015\/03\/vhrc_pare-choc-001.jpg\"><img loading=\"lazy\" decoding=\"async\" class=\"alignnone wp-image-5954 size-medium\" src=\"http:\/\/vhrc.fr\/wp-content\/uploads\/2015\/03\/vhrc_pare-choc-001-500x375.jpg\" alt=\"\" width=\"500\" height=\"375\" srcset=\"https:\/\/vhrc.fr\/wp-content\/uploads\/2015\/03\/vhrc_pare-choc-001-500x375.jpg 500w, https:\/\/vhrc.fr\/wp-content\/uploads\/2015\/03\/vhrc_pare-choc-001.jpg 640w\" sizes=\"auto, (max-width: 500px) 100vw, 500px\" \/><\/a><\/h1>\n<p><em>Il ne reste plus qu\u2019\u00e0 le d\u00e9couper \u00a0 ( j\u2019utilise\u00a0:\u00a0\u00a0 une scie \u2018scintilla\u2019 \u00e9lectrique avec lame \u00e0 grosses dentures).\u00a0\u00a0 L\u2019\u00e9barbage se fait \u00e0 la brosse du touret \u2018 \u00e9lectrique\u2019 et le tour est jou\u00e9. <\/em><\/p>\n<p><a href=\"http:\/\/vhrc.fr\/wp-content\/uploads\/2015\/03\/vhrc_pare-choc-002.jpg\"><img loading=\"lazy\" decoding=\"async\" class=\"alignnone size-medium wp-image-5955\" src=\"http:\/\/vhrc.fr\/wp-content\/uploads\/2015\/03\/vhrc_pare-choc-002-500x375.jpg\" alt=\"protection voiture 1:4\" width=\"500\" height=\"375\" srcset=\"https:\/\/vhrc.fr\/wp-content\/uploads\/2015\/03\/vhrc_pare-choc-002-500x375.jpg 500w, https:\/\/vhrc.fr\/wp-content\/uploads\/2015\/03\/vhrc_pare-choc-002.jpg 640w\" sizes=\"auto, (max-width: 500px) 100vw, 500px\" \/><\/a><\/p>\n<p>&nbsp;<\/p>\n<p><em> Mais aussi\u00a0: J\u2019ai r\u00e9alis\u00e9 derni\u00e8rement , un aileron AR de\u00a0\u00a0 \u2018Beetle 1\/6 FG\u2019 celui-ci tr\u00e8s cassant \u00e0 l\u2019origine ( n\u2019aimant pas les tonneaux) , j\u2019ai pris l\u2019arrondi du mat\u00e9riau \u00e0 la d\u00e9coupe et cela donne plus d\u2019appui , le r\u00e9sultat est performant\u00a0;\u00a0 voir photos, A m\u00e9diter.<\/em><\/p>\n<h1><a href=\"http:\/\/vhrc.fr\/wp-content\/uploads\/2015\/03\/vhrc_pare-choc-003.jpg\"><img loading=\"lazy\" decoding=\"async\" class=\"alignnone wp-image-5956 size-medium\" src=\"http:\/\/vhrc.fr\/wp-content\/uploads\/2015\/03\/vhrc_pare-choc-003-500x375.jpg\" alt=\"\" width=\"500\" height=\"375\" srcset=\"https:\/\/vhrc.fr\/wp-content\/uploads\/2015\/03\/vhrc_pare-choc-003-500x375.jpg 500w, https:\/\/vhrc.fr\/wp-content\/uploads\/2015\/03\/vhrc_pare-choc-003.jpg 640w\" sizes=\"auto, (max-width: 500px) 100vw, 500px\" \/><\/a><a href=\"http:\/\/vhrc.fr\/wp-content\/uploads\/2015\/03\/vhrc_pare-choc-005.jpg\"><img loading=\"lazy\" decoding=\"async\" class=\"alignnone size-medium wp-image-5957\" src=\"http:\/\/vhrc.fr\/wp-content\/uploads\/2015\/03\/vhrc_pare-choc-005-500x375.jpg\" alt=\"aileron voiture 1:4\" width=\"500\" height=\"375\" srcset=\"https:\/\/vhrc.fr\/wp-content\/uploads\/2015\/03\/vhrc_pare-choc-005-500x375.jpg 500w, https:\/\/vhrc.fr\/wp-content\/uploads\/2015\/03\/vhrc_pare-choc-005.jpg 640w\" sizes=\"auto, (max-width: 500px) 100vw, 500px\" \/><\/a><\/h1>\n<p><img loading=\"lazy\" decoding=\"async\" class=\"alignnone  wp-image-2015\" src=\"http:\/\/vhrc.fr\/wp-content\/uploads\/2011\/11\/lugia400.jpg\" alt=\"lugia400\" width=\"86\" height=\"46\" \/><\/p>\n<h3>pour info R\u00e8glement 1:5 FFVRC<\/h3>\n<div data-canvas-width=\"161.06846401935093\">Le pare-chocs est obligatoire \u00e0 l\u2019avant, fix\u00e9 au ch\u00e2ssis et doit suivre le contour int\u00e9rieur de la carrosserie \u00e0 35 m<\/div>\n<div data-canvas-width=\"39.85340657125579\">m en retrait.<\/div>\n<div data-canvas-width=\"39.85340657125579\"><img loading=\"lazy\" decoding=\"async\" class=\"alignnone size-full wp-image-5937\" src=\"http:\/\/vhrc.fr\/wp-content\/uploads\/2015\/03\/mousse-pare-chocs.jpg\" alt=\"mousse pare-chocs\" width=\"608\" height=\"200\" srcset=\"https:\/\/vhrc.fr\/wp-content\/uploads\/2015\/03\/mousse-pare-chocs.jpg 608w, https:\/\/vhrc.fr\/wp-content\/uploads\/2015\/03\/mousse-pare-chocs-500x164.jpg 500w\" sizes=\"auto, (max-width: 608px) 100vw, 608px\" \/><\/div>\n<div data-canvas-width=\"209.06598468050794\">La partie avant de la carrosserie doit \u00eatre remplie d\u2019une mousse souple absorbante (tol\u00e9rance d&rsquo;une enveloppe faite d&rsquo;une seule<\/div>\n<div data-canvas-width=\"27.734791372707114\">couche d&rsquo;adh\u00e9sif) dont la hauteur minimum doit \u00eatre de 40 mm et son implantation conforme au sch\u00e9ma ci-dessous<\/div>\n<div data-canvas-width=\"27.734791372707114\"><img loading=\"lazy\" decoding=\"async\" class=\"alignnone size-full wp-image-5938\" src=\"http:\/\/vhrc.fr\/wp-content\/uploads\/2015\/03\/mousse-pare-chocs-2.jpg\" alt=\"mousse pare-chocs 2\" width=\"416\" height=\"231\" \/><\/div>","protected":false},"excerpt":{"rendered":"<p>\u00c9l\u00e9ment primordial de s\u00e9curit\u00e9 obligatoire dans le r\u00e8glement du VHRC : compos\u00e9 d&rsquo;un support rigide et d&rsquo;une mousse d\u00e9passant ce<\/p>","protected":false},"author":5,"featured_media":5944,"parent":286,"menu_order":0,"comment_status":"closed","ping_status":"closed","template":"","meta":{"colormag_page_container_layout":"default_layout","colormag_page_sidebar_layout":"default_layout","footnotes":""},"class_list":["post-5936","page","type-page","status-publish","has-post-thumbnail","hentry"],"_links":{"self":[{"href":"https:\/\/vhrc.fr\/en\/wp-json\/wp\/v2\/pages\/5936","targetHints":{"allow":["GET"]}}],"collection":[{"href":"https:\/\/vhrc.fr\/en\/wp-json\/wp\/v2\/pages"}],"about":[{"href":"https:\/\/vhrc.fr\/en\/wp-json\/wp\/v2\/types\/page"}],"author":[{"embeddable":true,"href":"https:\/\/vhrc.fr\/en\/wp-json\/wp\/v2\/users\/5"}],"replies":[{"embeddable":true,"href":"https:\/\/vhrc.fr\/en\/wp-json\/wp\/v2\/comments?post=5936"}],"version-history":[{"count":7,"href":"https:\/\/vhrc.fr\/en\/wp-json\/wp\/v2\/pages\/5936\/revisions"}],"predecessor-version":[{"id":5958,"href":"https:\/\/vhrc.fr\/en\/wp-json\/wp\/v2\/pages\/5936\/revisions\/5958"}],"up":[{"embeddable":true,"href":"https:\/\/vhrc.fr\/en\/wp-json\/wp\/v2\/pages\/286"}],"wp:featuredmedia":[{"embeddable":true,"href":"https:\/\/vhrc.fr\/en\/wp-json\/wp\/v2\/media\/5944"}],"wp:attachment":[{"href":"https:\/\/vhrc.fr\/en\/wp-json\/wp\/v2\/media?parent=5936"}],"curies":[{"name":"wp","href":"https:\/\/api.w.org\/{rel}","templated":true}]}}