{"id":6106,"date":"2015-04-08T21:08:38","date_gmt":"2015-04-08T20:08:38","guid":{"rendered":"http:\/\/vhrc.fr\/?page_id=6106"},"modified":"2025-07-08T09:23:25","modified_gmt":"2025-07-08T08:23:25","slug":"dwa","status":"publish","type":"page","link":"https:\/\/vhrc.fr\/en\/voitures\/dwa\/","title":{"rendered":"DWA"},"content":{"rendered":"<h1>DWA<\/h1>\n<p>La soci\u00e9t\u00e9 Italienne &lsquo;PRODIT sp\u00e9cialis\u00e9e dans la fabrication d&rsquo;\u00e9quipement technique destin\u00e9 \u00e0 l&rsquo;enseignement sup\u00e9rieur d\u00e9cide fin 84 de cr\u00e9er une filiale &lsquo;DWA&rsquo; afin de produire une moto mod\u00e8le r\u00e9duit radiocommand\u00e9e&#8230;<\/p>\n<p><!--more--><\/p>\n<figure id=\"attachment_9506\" aria-describedby=\"caption-attachment-9506\" style=\"width: 382px\" class=\"wp-caption alignnone\"><a href=\"http:\/\/vhrc.fr\/wp-content\/uploads\/2020\/01\/vhrc-rcm90.jpg\"><img loading=\"lazy\" decoding=\"async\" class=\"wp-image-9506 size-full\" src=\"http:\/\/vhrc.fr\/wp-content\/uploads\/2020\/01\/vhrc-rcm90.jpg\" alt=\"\" width=\"382\" height=\"540\" srcset=\"https:\/\/vhrc.fr\/wp-content\/uploads\/2020\/01\/vhrc-rcm90.jpg 382w, https:\/\/vhrc.fr\/wp-content\/uploads\/2020\/01\/vhrc-rcm90-283x400.jpg 283w\" sizes=\"auto, (max-width: 382px) 100vw, 382px\" \/><\/a><figcaption id=\"caption-attachment-9506\" class=\"wp-caption-text\">publicit\u00e9 DWA 1990<\/figcaption><\/figure>\n<h2>les mod\u00e8les<\/h2>\n<div class=\"pt-cv-wrapper\"><div class=\"pt-cv-view pt-cv-grid pt-cv-colsys\" id=\"pt-cv-view-f46038c6mo\"><div data-id=\"pt-cv-page-1\" class=\"pt-cv-page\" data-cvc=\"3\"><div class=\"col-md-4 col-sm-6 col-xs-12 pt-cv-content-item pt-cv-1-col\" ><div class='pt-cv-ifield'><a href=\"https:\/\/vhrc.fr\/en\/voitures\/dwa\/ferrari-testarossa\/\" class=\"_self pt-cv-href-thumbnail pt-cv-thumb-default\" target=\"_self\" ><img loading=\"lazy\" decoding=\"async\" width=\"220\" height=\"180\" src=\"https:\/\/vhrc.fr\/wp-content\/uploads\/2015\/04\/dwa-ferrari-testarossa-au-14.jpg\" class=\"pt-cv-thumbnail\" alt=\"\" \/><\/a>\n<h4 class=\"pt-cv-title\"><a href=\"https:\/\/vhrc.fr\/en\/voitures\/dwa\/ferrari-testarossa\/\" class=\"_self\" target=\"_self\" >Ferrari Testarossa<\/a><\/h4>\n<div class=\"pt-cv-content\"> ...<br \/><div class=\"pt-cv-rmwrap\"><a href=\"https:\/\/vhrc.fr\/en\/voitures\/dwa\/ferrari-testarossa\/\" class=\"_self pt-cv-readmore btn btn-success\" target=\"_self\">Lire La Suite\u2026<\/a><\/div><\/div>\n<div class=\"pt-cv-meta-fields\"><span class=\"entry-date\"> <time datetime=\"2015-04-23T10:22:37+01:00\">23 April 2015<\/time><\/span><\/div><\/div><\/div>\n<div class=\"col-md-4 col-sm-6 col-xs-12 pt-cv-content-item pt-cv-1-col\" ><div class='pt-cv-ifield'><a href=\"https:\/\/vhrc.fr\/en\/voitures\/dwa\/porsche-962\/\" class=\"_self pt-cv-href-thumbnail pt-cv-thumb-default\" target=\"_self\" ><img loading=\"lazy\" decoding=\"async\" width=\"400\" height=\"290\" src=\"https:\/\/vhrc.fr\/wp-content\/uploads\/2015\/04\/porsche-962-dwa-pub.jpg\" class=\"pt-cv-thumbnail\" alt=\"\" \/><\/a>\n<h4 class=\"pt-cv-title\"><a href=\"https:\/\/vhrc.fr\/en\/voitures\/dwa\/porsche-962\/\" class=\"_self\" target=\"_self\" >Porsche 962<\/a><\/h4>\n<div class=\"pt-cv-content\">La Porsche 962 fut con\u00e7ue en 1984 pour permettre \u00e0 la marque allemande Porsche de participer au championnat am\u00e9ricain IMSA ...<br \/><div class=\"pt-cv-rmwrap\"><a href=\"https:\/\/vhrc.fr\/en\/voitures\/dwa\/porsche-962\/\" class=\"_self pt-cv-readmore btn btn-success\" target=\"_self\">Lire La Suite\u2026<\/a><\/div><\/div>\n<div class=\"pt-cv-meta-fields\"><span class=\"entry-date\"> <time datetime=\"2015-04-23T10:10:50+01:00\">23 April 2015<\/time><\/span><\/div><\/div><\/div>\n<div class=\"col-md-4 col-sm-6 col-xs-12 pt-cv-content-item pt-cv-1-col\" ><div class='pt-cv-ifield'><a href=\"https:\/\/vhrc.fr\/en\/voitures\/dwa\/lola-barquette\/\" class=\"_self pt-cv-href-thumbnail pt-cv-thumb-default\" target=\"_self\" ><img loading=\"lazy\" decoding=\"async\" width=\"400\" height=\"242\" src=\"https:\/\/vhrc.fr\/wp-content\/uploads\/2015\/04\/dwa-lola-pub-500x303.jpg\" class=\"pt-cv-thumbnail\" alt=\"\" srcset=\"https:\/\/vhrc.fr\/wp-content\/uploads\/2015\/04\/dwa-lola-pub-500x303.jpg 500w, https:\/\/vhrc.fr\/wp-content\/uploads\/2015\/04\/dwa-lola-pub-800x485.jpg 800w, https:\/\/vhrc.fr\/wp-content\/uploads\/2015\/04\/dwa-lola-pub.jpg 1926w\" sizes=\"auto, (max-width: 400px) 100vw, 400px\" \/><\/a>\n<h4 class=\"pt-cv-title\"><a href=\"https:\/\/vhrc.fr\/en\/voitures\/dwa\/lola-barquette\/\" class=\"_self\" target=\"_self\" >Lola T530 \u00ab\u00a0Barquette\u00a0\u00bb CanAm<\/a><\/h4>\n<div class=\"pt-cv-content\">Le Lola T530 \u00e9tait la tentative de Lola de construire une\u00a0 monoplace CanAm \u00e0 effet de sol. Il a domin\u00e9 ...<br \/><div class=\"pt-cv-rmwrap\"><a href=\"https:\/\/vhrc.fr\/en\/voitures\/dwa\/lola-barquette\/\" class=\"_self pt-cv-readmore btn btn-success\" target=\"_self\">Lire La Suite\u2026<\/a><\/div><\/div>\n<div class=\"pt-cv-meta-fields\"><span class=\"entry-date\"> <time datetime=\"2015-04-23T10:08:21+01:00\">23 April 2015<\/time><\/span><\/div><\/div><\/div>\n<div class=\"col-md-4 col-sm-6 col-xs-12 pt-cv-content-item pt-cv-1-col\" ><div class='pt-cv-ifield'><a href=\"https:\/\/vhrc.fr\/en\/voitures\/dwa\/peugeot-205-t16\/\" class=\"_self pt-cv-href-thumbnail pt-cv-thumb-default\" target=\"_self\" ><img loading=\"lazy\" decoding=\"async\" width=\"400\" height=\"265\" src=\"https:\/\/vhrc.fr\/wp-content\/uploads\/2015\/04\/vhrc-dwa0008-500x331.jpg\" class=\"pt-cv-thumbnail\" alt=\"\" srcset=\"https:\/\/vhrc.fr\/wp-content\/uploads\/2015\/04\/vhrc-dwa0008-500x331.jpg 500w, https:\/\/vhrc.fr\/wp-content\/uploads\/2015\/04\/vhrc-dwa0008-800x529.jpg 800w, https:\/\/vhrc.fr\/wp-content\/uploads\/2015\/04\/vhrc-dwa0008.jpg 1024w\" sizes=\"auto, (max-width: 400px) 100vw, 400px\" \/><\/a>\n<h4 class=\"pt-cv-title\"><a href=\"https:\/\/vhrc.fr\/en\/voitures\/dwa\/peugeot-205-t16\/\" class=\"_self\" target=\"_self\" >Peugeot 205 T16<\/a><\/h4>\n<div class=\"pt-cv-content\"> ...<br \/><div class=\"pt-cv-rmwrap\"><a href=\"https:\/\/vhrc.fr\/en\/voitures\/dwa\/peugeot-205-t16\/\" class=\"_self pt-cv-readmore btn btn-success\" target=\"_self\">Lire La Suite\u2026<\/a><\/div><\/div>\n<div class=\"pt-cv-meta-fields\"><span class=\"entry-date\"> <time datetime=\"2015-04-23T10:04:53+01:00\">23 April 2015<\/time><\/span><\/div><\/div><\/div>\n<div class=\"col-md-4 col-sm-6 col-xs-12 pt-cv-content-item pt-cv-1-col\" ><div class='pt-cv-ifield'><a href=\"https:\/\/vhrc.fr\/en\/voitures\/dwa\/f40-dwa\/\" class=\"_self pt-cv-href-thumbnail pt-cv-thumb-default\" target=\"_self\" ><img loading=\"lazy\" decoding=\"async\" width=\"400\" height=\"265\" src=\"https:\/\/vhrc.fr\/wp-content\/uploads\/2015\/04\/vhrc-dwa0010-500x331.jpg\" class=\"pt-cv-thumbnail\" alt=\"\" srcset=\"https:\/\/vhrc.fr\/wp-content\/uploads\/2015\/04\/vhrc-dwa0010-500x331.jpg 500w, https:\/\/vhrc.fr\/wp-content\/uploads\/2015\/04\/vhrc-dwa0010-800x530.jpg 800w, https:\/\/vhrc.fr\/wp-content\/uploads\/2015\/04\/vhrc-dwa0010.jpg 1024w\" sizes=\"auto, (max-width: 400px) 100vw, 400px\" \/><\/a>\n<h4 class=\"pt-cv-title\"><a href=\"https:\/\/vhrc.fr\/en\/voitures\/dwa\/f40-dwa\/\" class=\"_self\" target=\"_self\" >F40 DWA<\/a><\/h4>\n<div class=\"pt-cv-content\"> ...<br \/><div class=\"pt-cv-rmwrap\"><a href=\"https:\/\/vhrc.fr\/en\/voitures\/dwa\/f40-dwa\/\" class=\"_self pt-cv-readmore btn btn-success\" target=\"_self\">Lire La Suite\u2026<\/a><\/div><\/div>\n<div class=\"pt-cv-meta-fields\"><span class=\"entry-date\"> <time datetime=\"2015-04-23T10:03:59+01:00\">23 April 2015<\/time><\/span><\/div><\/div><\/div>\n<div class=\"col-md-4 col-sm-6 col-xs-12 pt-cv-content-item pt-cv-1-col\" ><div class='pt-cv-ifield'><a href=\"https:\/\/vhrc.fr\/en\/voitures\/dwa\/porsche-930-kremer\/\" class=\"_self pt-cv-href-thumbnail pt-cv-thumb-default\" target=\"_self\" ><img loading=\"lazy\" decoding=\"async\" width=\"400\" height=\"268\" src=\"https:\/\/vhrc.fr\/wp-content\/uploads\/2015\/04\/vhrc-dwa0005-500x335.jpg\" class=\"pt-cv-thumbnail\" alt=\"\" srcset=\"https:\/\/vhrc.fr\/wp-content\/uploads\/2015\/04\/vhrc-dwa0005-500x335.jpg 500w, https:\/\/vhrc.fr\/wp-content\/uploads\/2015\/04\/vhrc-dwa0005-800x537.jpg 800w, https:\/\/vhrc.fr\/wp-content\/uploads\/2015\/04\/vhrc-dwa0005.jpg 1024w\" sizes=\"auto, (max-width: 400px) 100vw, 400px\" \/><\/a>\n<h4 class=\"pt-cv-title\"><a href=\"https:\/\/vhrc.fr\/en\/voitures\/dwa\/porsche-930-kremer\/\" class=\"_self\" target=\"_self\" >Porsche 930 Kremer<\/a><\/h4>\n<div class=\"pt-cv-content\"> ...<br \/><div class=\"pt-cv-rmwrap\"><a href=\"https:\/\/vhrc.fr\/en\/voitures\/dwa\/porsche-930-kremer\/\" class=\"_self pt-cv-readmore btn btn-success\" target=\"_self\">Lire La Suite\u2026<\/a><\/div><\/div>\n<div class=\"pt-cv-meta-fields\"><span class=\"entry-date\"> <time datetime=\"2015-04-23T10:00:30+01:00\">23 April 2015<\/time><\/span><\/div><\/div><\/div><\/div><\/div><\/div>\n<h2>l&rsquo;histoire (\u00e9dition en cours)<\/h2>\n<p><a href=\"http:\/\/vhrc.fr\/wp-content\/uploads\/2015\/04\/dwa-logo-800.jpg\"><img loading=\"lazy\" decoding=\"async\" class=\"alignnone wp-image-6107 size-medium\" src=\"http:\/\/vhrc.fr\/wp-content\/uploads\/2015\/04\/dwa-logo-800-500x76.jpg\" alt=\"logo dwa rcbs\" width=\"500\" height=\"76\" srcset=\"https:\/\/vhrc.fr\/wp-content\/uploads\/2015\/04\/dwa-logo-800-500x76.jpg 500w, https:\/\/vhrc.fr\/wp-content\/uploads\/2015\/04\/dwa-logo-800.jpg 800w\" sizes=\"auto, (max-width: 500px) 100vw, 500px\" \/><\/a><\/p>\n<h2>made in Italie<\/h2>\n<p>La soci\u00e9t\u00e9 Italienne &lsquo;PRODIT sp\u00e9cialis\u00e9e dans la fabrication d&rsquo;\u00e9quipement technique destin\u00e9 \u00e0 l&rsquo;enseignement sup\u00e9rieur d\u00e9cide fin 84 de cr\u00e9er une filiale &lsquo;DWA&rsquo; afin de produire une moto mod\u00e8le r\u00e9duit radiocommand\u00e9e<br \/>\nTr\u00e8s attentif \u00e0 ce qu&rsquo;a \u00e9t\u00e9 le mod\u00e8le \u00e9lectrique Kyosho. DWA d\u00e9cidait d&rsquo;enfin r\u00e9aliser le mod\u00e8le auquel ils pensaient depuis 10 ans.<br \/>\nOutre le choix de la propulsion thermique DWA axe son \u00e9tude technique sur la fiabilit\u00e9 de comportement afin d&rsquo;obtenir une stabilit\u00e9 pouss\u00e9e propre \u00e0 rendre plus facile le pilotage de l&rsquo;engin. Le Produit fut \u00e0 l&rsquo;\u00e9poque extr\u00eamement bien pens\u00e9 car aucune modification fondamentale n&rsquo;a \u00e9t\u00e9 apport\u00e9e \u00e0 ce jour par rapport au prototype de 1984.<br \/>\nQuestion performance jugez plut\u00f4t.<br \/>\nUn circuit moto (grandeur). une grande ligne droite en asphalte. une ligne sur laquelle sont au d\u00e9part une Kawasaki 1100 cc (grandeur. oui Monsieur) et la Commando DWA au 1\/25e (moteur 3.5 cm3).<br \/>\n5. 4. 3 .2 1. partez!Jugez vous m\u00eame : ce n&rsquo;est qu&rsquo;apr\u00e8s 70 m que la Commando sera rejointe, puis d\u00e9pass\u00e9e par le monstre Kawasaki 1100.<br \/>\nNous vous ferons conna\u00eetre dans un prochain num\u00e9ro les 15 techniciens qui travaillent \u00e0 la production de ce petit bijou. fabriqu\u00e9 dans la banlieue de Turin. A bient\u00f4t DWA. (article Auto RCM)<\/p>\n<figure id=\"attachment_6110\" aria-describedby=\"caption-attachment-6110\" style=\"width: 640px\" class=\"wp-caption alignnone\"><a href=\"http:\/\/vhrc.fr\/wp-content\/uploads\/2015\/04\/dwa-commando-01.jpg\"><img loading=\"lazy\" decoding=\"async\" class=\"size-full wp-image-6110\" src=\"http:\/\/vhrc.fr\/wp-content\/uploads\/2015\/04\/dwa-commando-01.jpg\" alt=\"boite moto dwa commando 1:4\" width=\"640\" height=\"480\" srcset=\"https:\/\/vhrc.fr\/wp-content\/uploads\/2015\/04\/dwa-commando-01.jpg 640w, https:\/\/vhrc.fr\/wp-content\/uploads\/2015\/04\/dwa-commando-01-500x375.jpg 500w\" sizes=\"auto, (max-width: 640px) 100vw, 640px\" \/><\/a><figcaption id=\"caption-attachment-6110\" class=\"wp-caption-text\">boite moto dwa commando 1:4<\/figcaption><\/figure>\n<figure id=\"attachment_6111\" aria-describedby=\"caption-attachment-6111\" style=\"width: 640px\" class=\"wp-caption alignnone\"><a href=\"http:\/\/vhrc.fr\/wp-content\/uploads\/2015\/04\/dwa-commando-02.jpg\"><img loading=\"lazy\" decoding=\"async\" class=\"size-full wp-image-6111\" src=\"http:\/\/vhrc.fr\/wp-content\/uploads\/2015\/04\/dwa-commando-02.jpg\" alt=\"moto dwa commando 1:4\" width=\"640\" height=\"480\" srcset=\"https:\/\/vhrc.fr\/wp-content\/uploads\/2015\/04\/dwa-commando-02.jpg 640w, https:\/\/vhrc.fr\/wp-content\/uploads\/2015\/04\/dwa-commando-02-500x375.jpg 500w\" sizes=\"auto, (max-width: 640px) 100vw, 640px\" \/><\/a><figcaption id=\"caption-attachment-6111\" class=\"wp-caption-text\">moto dwa commando 1:4<\/figcaption><\/figure>\n<h1><\/h1>\n<h2>voitures<\/h2>\n<p>il y a eu 2 mod\u00e8les de ch\u00e2ssis,<\/p>\n<p>le premier avec 2 plaques et des amortisseurs mont\u00e9 sur cath\u00e9drales : la DWA RAM<\/p>\n<p>le 2e avec les amortisseurs dans les triangles : la DWA BLU2<\/p>\n<p><del>(The Lauterbacher bought DWA early in the 90s, so this car was also Lauterbacher first car, rebadged as Austro Blu2 instead of DWA Blu2 ?)<\/del><\/p>\n<h1>\u00e0 suivre &#8230;<\/h1>\n<p><a href=\"http:\/\/vhrc.fr\/wp-content\/uploads\/2020\/01\/dwa-logo-stef..jpg\"><img loading=\"lazy\" decoding=\"async\" class=\"alignnone size-medium wp-image-9575\" src=\"http:\/\/vhrc.fr\/wp-content\/uploads\/2020\/01\/dwa-logo-stef.-400x400.jpg\" alt=\"\" width=\"400\" height=\"400\" srcset=\"https:\/\/vhrc.fr\/wp-content\/uploads\/2020\/01\/dwa-logo-stef.-400x400.jpg 400w, https:\/\/vhrc.fr\/wp-content\/uploads\/2020\/01\/dwa-logo-stef.-800x800.jpg 800w, https:\/\/vhrc.fr\/wp-content\/uploads\/2020\/01\/dwa-logo-stef.-150x150.jpg 150w, https:\/\/vhrc.fr\/wp-content\/uploads\/2020\/01\/dwa-logo-stef.-768x768.jpg 768w, https:\/\/vhrc.fr\/wp-content\/uploads\/2020\/01\/dwa-logo-stef..jpg 1000w\" sizes=\"auto, (max-width: 400px) 100vw, 400px\" \/><\/a><\/p>","protected":false},"excerpt":{"rendered":"<p>DWA La soci\u00e9t\u00e9 Italienne &lsquo;PRODIT sp\u00e9cialis\u00e9e dans la fabrication d&rsquo;\u00e9quipement technique destin\u00e9 \u00e0 l&rsquo;enseignement sup\u00e9rieur d\u00e9cide fin 84 de cr\u00e9er<\/p>","protected":false},"author":5,"featured_media":9575,"parent":138,"menu_order":0,"comment_status":"closed","ping_status":"closed","template":"","meta":{"colormag_page_container_layout":"default_layout","colormag_page_sidebar_layout":"default_layout","footnotes":""},"class_list":["post-6106","page","type-page","status-publish","has-post-thumbnail","hentry"],"_links":{"self":[{"href":"https:\/\/vhrc.fr\/en\/wp-json\/wp\/v2\/pages\/6106","targetHints":{"allow":["GET"]}}],"collection":[{"href":"https:\/\/vhrc.fr\/en\/wp-json\/wp\/v2\/pages"}],"about":[{"href":"https:\/\/vhrc.fr\/en\/wp-json\/wp\/v2\/types\/page"}],"author":[{"embeddable":true,"href":"https:\/\/vhrc.fr\/en\/wp-json\/wp\/v2\/users\/5"}],"replies":[{"embeddable":true,"href":"https:\/\/vhrc.fr\/en\/wp-json\/wp\/v2\/comments?post=6106"}],"version-history":[{"count":12,"href":"https:\/\/vhrc.fr\/en\/wp-json\/wp\/v2\/pages\/6106\/revisions"}],"predecessor-version":[{"id":9576,"href":"https:\/\/vhrc.fr\/en\/wp-json\/wp\/v2\/pages\/6106\/revisions\/9576"}],"up":[{"embeddable":true,"href":"https:\/\/vhrc.fr\/en\/wp-json\/wp\/v2\/pages\/138"}],"wp:featuredmedia":[{"embeddable":true,"href":"https:\/\/vhrc.fr\/en\/wp-json\/wp\/v2\/media\/9575"}],"wp:attachment":[{"href":"https:\/\/vhrc.fr\/en\/wp-json\/wp\/v2\/media?parent=6106"}],"curies":[{"name":"wp","href":"https:\/\/api.w.org\/{rel}","templated":true}]}}