{"id":8423,"date":"2018-04-12T13:09:34","date_gmt":"2018-04-12T12:09:34","guid":{"rendered":"http:\/\/vhrc.fr\/?page_id=8423"},"modified":"2025-07-08T09:22:05","modified_gmt":"2025-07-08T08:22:05","slug":"expos","status":"publish","type":"page","link":"https:\/\/vhrc.fr\/en\/expos\/","title":{"rendered":"exhibitions"},"content":{"rendered":"<h1>ici sont regroup\u00e9s les Salons ou rassemblements de mod\u00e9lisme auto 1:4.<\/h1>\n<div class=\"pt-cv-wrapper\"><div class=\"pt-cv-view pt-cv-grid pt-cv-colsys\" id=\"pt-cv-view-00e17ee67s\"><div data-id=\"pt-cv-page-1\" class=\"pt-cv-page\" data-cvc=\"3\"><div class=\"col-md-4 col-sm-6 col-xs-12 pt-cv-content-item pt-cv-1-col\" ><div class='pt-cv-ifield'><a href=\"https:\/\/vhrc.fr\/en\/expos\/bourguignonne-expo\/\" class=\"_self pt-cv-href-thumbnail pt-cv-thumb-default\" target=\"_self\" ><img loading=\"lazy\" decoding=\"async\" width=\"270\" height=\"400\" src=\"https:\/\/vhrc.fr\/wp-content\/uploads\/2013\/04\/AfficheLaBourguignonne2013-338x500.jpg\" class=\"pt-cv-thumbnail\" alt=\"\" srcset=\"https:\/\/vhrc.fr\/wp-content\/uploads\/2013\/04\/AfficheLaBourguignonne2013-338x500.jpg 338w, https:\/\/vhrc.fr\/wp-content\/uploads\/2013\/04\/AfficheLaBourguignonne2013.jpg 541w\" sizes=\"auto, (max-width: 270px) 100vw, 270px\" \/><\/a>\n<h4 class=\"pt-cv-title\"><a href=\"https:\/\/vhrc.fr\/en\/expos\/bourguignonne-expo\/\" class=\"_self\" target=\"_self\" >Bourguignonne Expo<\/a><\/h4>\n<div class=\"pt-cv-content\">les expo de la Bourguignonne expo Rc vintage ...<br \/><div class=\"pt-cv-rmwrap\"><a href=\"https:\/\/vhrc.fr\/en\/expos\/bourguignonne-expo\/\" class=\"_self pt-cv-readmore btn btn-success\" target=\"_self\">Lire La Suite\u2026<\/a><\/div><\/div><\/div><\/div>\n<div class=\"col-md-4 col-sm-6 col-xs-12 pt-cv-content-item pt-cv-1-col\" ><div class='pt-cv-ifield'><a href=\"https:\/\/vhrc.fr\/en\/expos\/fitem\/\" class=\"_self pt-cv-href-thumbnail pt-cv-thumb-default\" target=\"_self\" ><img loading=\"lazy\" decoding=\"async\" width=\"333\" height=\"400\" src=\"https:\/\/vhrc.fr\/wp-content\/uploads\/2018\/04\/fitem-1994_cr-416x500.jpg\" class=\"pt-cv-thumbnail\" alt=\"\" srcset=\"https:\/\/vhrc.fr\/wp-content\/uploads\/2018\/04\/fitem-1994_cr-416x500.jpg 416w, https:\/\/vhrc.fr\/wp-content\/uploads\/2018\/04\/fitem-1994_cr.jpg 560w\" sizes=\"auto, (max-width: 333px) 100vw, 333px\" \/><\/a>\n<h4 class=\"pt-cv-title\"><a href=\"https:\/\/vhrc.fr\/en\/expos\/fitem\/\" class=\"_self\" target=\"_self\" >Fitem<\/a><\/h4>\n<div class=\"pt-cv-content\">1992 fitem 7 du 18 au 26 Juillet 1992 1993 fitem 8 1994 Fitem 9 Du 17 au 24 Juillet ...<br \/><div class=\"pt-cv-rmwrap\"><a href=\"https:\/\/vhrc.fr\/en\/expos\/fitem\/\" class=\"_self pt-cv-readmore btn btn-success\" target=\"_self\">Lire La Suite\u2026<\/a><\/div><\/div><\/div><\/div>\n<div class=\"col-md-4 col-sm-6 col-xs-12 pt-cv-content-item pt-cv-1-col\" ><div class='pt-cv-ifield'><a href=\"https:\/\/vhrc.fr\/en\/expos\/gp-longvic-historique-14-2019\/\" class=\"_self pt-cv-href-thumbnail pt-cv-thumb-default\" target=\"_self\" ><img loading=\"lazy\" decoding=\"async\" width=\"283\" height=\"400\" src=\"https:\/\/vhrc.fr\/wp-content\/uploads\/2019\/09\/69618744_10219594500949992_7825763002694500352_n-283x400.jpg\" class=\"pt-cv-thumbnail\" alt=\"\" srcset=\"https:\/\/vhrc.fr\/wp-content\/uploads\/2019\/09\/69618744_10219594500949992_7825763002694500352_n-283x400.jpg 283w, https:\/\/vhrc.fr\/wp-content\/uploads\/2019\/09\/69618744_10219594500949992_7825763002694500352_n-566x800.jpg 566w, https:\/\/vhrc.fr\/wp-content\/uploads\/2019\/09\/69618744_10219594500949992_7825763002694500352_n.jpg 679w\" sizes=\"auto, (max-width: 283px) 100vw, 283px\" \/><\/a>\n<h4 class=\"pt-cv-title\"><a href=\"https:\/\/vhrc.fr\/en\/expos\/gp-longvic-historique-14-2019\/\" class=\"_self\" target=\"_self\" >GP Longvic Historique 1:4 2019<\/a><\/h4>\n<div class=\"pt-cv-content\">Course \u00e9chelle 1\/4 \u00e0 Dijon - Longvic !Inscription sur le site de la f\u00e9d\u00e9 29 septembre 2019 - MRCL LONGVIC ...<br \/><div class=\"pt-cv-rmwrap\"><a href=\"https:\/\/vhrc.fr\/en\/expos\/gp-longvic-historique-14-2019\/\" class=\"_self pt-cv-readmore btn btn-success\" target=\"_self\">Lire La Suite\u2026<\/a><\/div><\/div><\/div><\/div>\n<div class=\"col-md-4 col-sm-6 col-xs-12 pt-cv-content-item pt-cv-1-col\" ><div class='pt-cv-ifield'><a href=\"https:\/\/vhrc.fr\/en\/expos\/macon-vintage\/\" class=\"_self pt-cv-href-thumbnail pt-cv-thumb-default\" target=\"_self\" ><img loading=\"lazy\" decoding=\"async\" width=\"400\" height=\"300\" src=\"https:\/\/vhrc.fr\/wp-content\/uploads\/2018\/11\/GEDC2242-500x375.jpg\" class=\"pt-cv-thumbnail\" alt=\"\" srcset=\"https:\/\/vhrc.fr\/wp-content\/uploads\/2018\/11\/GEDC2242-500x375.jpg 500w, https:\/\/vhrc.fr\/wp-content\/uploads\/2018\/11\/GEDC2242-768x576.jpg 768w, https:\/\/vhrc.fr\/wp-content\/uploads\/2018\/11\/GEDC2242-800x600.jpg 800w, https:\/\/vhrc.fr\/wp-content\/uploads\/2018\/11\/GEDC2242.jpg 1024w\" sizes=\"auto, (max-width: 400px) 100vw, 400px\" \/><\/a>\n<h4 class=\"pt-cv-title\"><a href=\"https:\/\/vhrc.fr\/en\/expos\/macon-vintage\/\" class=\"_self\" target=\"_self\" >Macon Vintage<\/a><\/h4>\n<div class=\"pt-cv-content\">les expos amicales Macon vintage ...<br \/><div class=\"pt-cv-rmwrap\"><a href=\"https:\/\/vhrc.fr\/en\/expos\/macon-vintage\/\" class=\"_self pt-cv-readmore btn btn-success\" target=\"_self\">Lire La Suite\u2026<\/a><\/div><\/div><\/div><\/div>\n<div class=\"col-md-4 col-sm-6 col-xs-12 pt-cv-content-item pt-cv-1-col\" ><div class='pt-cv-ifield'><a href=\"https:\/\/vhrc.fr\/en\/expos\/menoud-days\/\" class=\"_self pt-cv-href-thumbnail pt-cv-thumb-default\" target=\"_self\" ><img loading=\"lazy\" decoding=\"async\" width=\"400\" height=\"198\" src=\"https:\/\/vhrc.fr\/wp-content\/uploads\/2018\/04\/wmenoud-days-2018-affiche-1-500x248.jpg\" class=\"pt-cv-thumbnail\" alt=\"\" srcset=\"https:\/\/vhrc.fr\/wp-content\/uploads\/2018\/04\/wmenoud-days-2018-affiche-1-500x248.jpg 500w, https:\/\/vhrc.fr\/wp-content\/uploads\/2018\/04\/wmenoud-days-2018-affiche-1-768x381.jpg 768w, https:\/\/vhrc.fr\/wp-content\/uploads\/2018\/04\/wmenoud-days-2018-affiche-1-800x397.jpg 800w, https:\/\/vhrc.fr\/wp-content\/uploads\/2018\/04\/wmenoud-days-2018-affiche-1.jpg 1600w\" sizes=\"auto, (max-width: 400px) 100vw, 400px\" \/><\/a>\n<h4 class=\"pt-cv-title\"><a href=\"https:\/\/vhrc.fr\/en\/expos\/menoud-days\/\" class=\"_self\" target=\"_self\" >Menoud Days<\/a><\/h4>\n<div class=\"pt-cv-content\">Les rassemblements de la marque suisse Menoud ...<br \/><div class=\"pt-cv-rmwrap\"><a href=\"https:\/\/vhrc.fr\/en\/expos\/menoud-days\/\" class=\"_self pt-cv-readmore btn btn-success\" target=\"_self\">Lire La Suite\u2026<\/a><\/div><\/div><\/div><\/div>\n<div class=\"col-md-4 col-sm-6 col-xs-12 pt-cv-content-item pt-cv-1-col\" ><div class='pt-cv-ifield'><a href=\"https:\/\/vhrc.fr\/en\/expos\/mondial-modelisme-paris\/\" class=\"_self pt-cv-href-thumbnail pt-cv-thumb-default\" target=\"_self\" ><img loading=\"lazy\" decoding=\"async\" width=\"260\" height=\"400\" src=\"https:\/\/vhrc.fr\/wp-content\/uploads\/2020\/01\/1988-9e-salon-maquette-260x400.jpg\" class=\"pt-cv-thumbnail\" alt=\"\" srcset=\"https:\/\/vhrc.fr\/wp-content\/uploads\/2020\/01\/1988-9e-salon-maquette-260x400.jpg 260w, https:\/\/vhrc.fr\/wp-content\/uploads\/2020\/01\/1988-9e-salon-maquette-520x800.jpg 520w, https:\/\/vhrc.fr\/wp-content\/uploads\/2020\/01\/1988-9e-salon-maquette.jpg 553w\" sizes=\"auto, (max-width: 260px) 100vw, 260px\" \/><\/a>\n<h4 class=\"pt-cv-title\"><a href=\"https:\/\/vhrc.fr\/en\/expos\/mondial-modelisme-paris\/\" class=\"_self\" target=\"_self\" >mondial mod\u00e9lisme Paris<\/a><\/h4>\n<div class=\"pt-cv-content\">liste des \u00e9ditions des mondial du mod\u00e9lisme Paris depuis \u00a0\u00e9ditions \u00e9dition ann\u00e9e dates nom lieu affiche 1 2 3 4 ...<br \/><div class=\"pt-cv-rmwrap\"><a href=\"https:\/\/vhrc.fr\/en\/expos\/mondial-modelisme-paris\/\" class=\"_self pt-cv-readmore btn btn-success\" target=\"_self\">Lire La Suite\u2026<\/a><\/div><\/div><\/div><\/div>\n<div class=\"col-md-4 col-sm-6 col-xs-12 pt-cv-content-item pt-cv-1-col\" ><div class='pt-cv-ifield'><a href=\"https:\/\/vhrc.fr\/en\/expos\/rasso-marmousets\/\" class=\"_self pt-cv-href-thumbnail pt-cv-thumb-default\" target=\"_self\" ><img loading=\"lazy\" decoding=\"async\" width=\"400\" height=\"284\" src=\"https:\/\/vhrc.fr\/wp-content\/uploads\/2020\/01\/marmouset-rasso-logo-400x284.jpg\" class=\"pt-cv-thumbnail\" alt=\"\" srcset=\"https:\/\/vhrc.fr\/wp-content\/uploads\/2020\/01\/marmouset-rasso-logo-400x284.jpg 400w, https:\/\/vhrc.fr\/wp-content\/uploads\/2020\/01\/marmouset-rasso-logo-768x546.jpg 768w, https:\/\/vhrc.fr\/wp-content\/uploads\/2020\/01\/marmouset-rasso-logo.jpg 794w\" sizes=\"auto, (max-width: 400px) 100vw, 400px\" \/><\/a>\n<h4 class=\"pt-cv-title\"><a href=\"https:\/\/vhrc.fr\/en\/expos\/rasso-marmousets\/\" class=\"_self\" target=\"_self\" >Rasso Marmousets<\/a><\/h4>\n<div class=\"pt-cv-content\">Rassemblements Yankee organis\u00e9s par RCVCC Marmousets ...<br \/><div class=\"pt-cv-rmwrap\"><a href=\"https:\/\/vhrc.fr\/en\/expos\/rasso-marmousets\/\" class=\"_self pt-cv-readmore btn btn-success\" target=\"_self\">Lire La Suite\u2026<\/a><\/div><\/div><\/div><\/div>\n<div class=\"col-md-4 col-sm-6 col-xs-12 pt-cv-content-item pt-cv-1-col\" ><div class='pt-cv-ifield'><a href=\"https:\/\/vhrc.fr\/en\/expos\/yankee-racing-show\/\" class=\"_self pt-cv-href-thumbnail pt-cv-thumb-default\" target=\"_self\" ><img loading=\"lazy\" decoding=\"async\" width=\"400\" height=\"76\" src=\"https:\/\/vhrc.fr\/wp-content\/uploads\/2012\/10\/yankee-racing-show-500x95.png\" class=\"pt-cv-thumbnail\" alt=\"\" srcset=\"https:\/\/vhrc.fr\/wp-content\/uploads\/2012\/10\/yankee-racing-show-500x95.png 500w, https:\/\/vhrc.fr\/wp-content\/uploads\/2012\/10\/yankee-racing-show-800x152.png 800w, https:\/\/vhrc.fr\/wp-content\/uploads\/2012\/10\/yankee-racing-show-1036x200.png 1036w, https:\/\/vhrc.fr\/wp-content\/uploads\/2012\/10\/yankee-racing-show.png 1600w\" sizes=\"auto, (max-width: 400px) 100vw, 400px\" \/><\/a>\n<h4 class=\"pt-cv-title\"><a href=\"https:\/\/vhrc.fr\/en\/expos\/yankee-racing-show\/\" class=\"_self\" target=\"_self\" >Yankee Racing Show lien<\/a><\/h4>\n<div class=\"pt-cv-content\">vers la page Yankee Racing Show ...<br \/><div class=\"pt-cv-rmwrap\"><a href=\"https:\/\/vhrc.fr\/en\/expos\/yankee-racing-show\/\" class=\"_self pt-cv-readmore btn btn-success\" target=\"_self\">Lire La Suite\u2026<\/a><\/div><\/div><\/div><\/div><\/div><\/div><\/div>\n<p>&nbsp;<\/p>","protected":false},"excerpt":{"rendered":"<p>ici sont regroup\u00e9s les Salons ou rassemblements de mod\u00e9lisme auto 1:4. &nbsp;<\/p>","protected":false},"author":5,"featured_media":7990,"parent":0,"menu_order":0,"comment_status":"closed","ping_status":"closed","template":"","meta":{"colormag_page_container_layout":"default_layout","colormag_page_sidebar_layout":"default_layout","footnotes":""},"class_list":["post-8423","page","type-page","status-publish","has-post-thumbnail","hentry"],"_links":{"self":[{"href":"https:\/\/vhrc.fr\/en\/wp-json\/wp\/v2\/pages\/8423","targetHints":{"allow":["GET"]}}],"collection":[{"href":"https:\/\/vhrc.fr\/en\/wp-json\/wp\/v2\/pages"}],"about":[{"href":"https:\/\/vhrc.fr\/en\/wp-json\/wp\/v2\/types\/page"}],"author":[{"embeddable":true,"href":"https:\/\/vhrc.fr\/en\/wp-json\/wp\/v2\/users\/5"}],"replies":[{"embeddable":true,"href":"https:\/\/vhrc.fr\/en\/wp-json\/wp\/v2\/comments?post=8423"}],"version-history":[{"count":4,"href":"https:\/\/vhrc.fr\/en\/wp-json\/wp\/v2\/pages\/8423\/revisions"}],"predecessor-version":[{"id":9434,"href":"https:\/\/vhrc.fr\/en\/wp-json\/wp\/v2\/pages\/8423\/revisions\/9434"}],"wp:featuredmedia":[{"embeddable":true,"href":"https:\/\/vhrc.fr\/en\/wp-json\/wp\/v2\/media\/7990"}],"wp:attachment":[{"href":"https:\/\/vhrc.fr\/en\/wp-json\/wp\/v2\/media?parent=8423"}],"curies":[{"name":"wp","href":"https:\/\/api.w.org\/{rel}","templated":true}]}}